{"id":1325,"date":"2023-06-01T17:23:54","date_gmt":"2023-06-01T15:23:54","guid":{"rendered":"https:\/\/www.betaimages.de\/stiftung\/?page_id=1325"},"modified":"2023-06-02T10:35:14","modified_gmt":"2023-06-02T08:35:14","slug":"mannschaften","status":"publish","type":"page","link":"http:\/\/www.betaimages.de\/stiftung\/mannschaften\/","title":{"rendered":"Mannschaften"},"content":{"rendered":"[vc_row][vc_column]<figure class=\"vcex-image vcex-module wpex-clr\"><div class=\"vcex-image-inner wpex-relative wpex-inline-block\"><img decoding=\"async\" width=\"1920\" height=\"560\" src=\"http:\/\/www.betaimages.de\/stiftung\/wp-content\/uploads\/2023\/06\/IMG_0310_header_mannschaften.jpg\" class=\"wpex-align-middle\" alt=\"\" loading=\"lazy\" srcset=\"http:\/\/www.betaimages.de\/stiftung\/wp-content\/uploads\/2023\/06\/IMG_0310_header_mannschaften.jpg 1920w, http:\/\/www.betaimages.de\/stiftung\/wp-content\/uploads\/2023\/06\/IMG_0310_header_mannschaften-300x88.jpg 300w, http:\/\/www.betaimages.de\/stiftung\/wp-content\/uploads\/2023\/06\/IMG_0310_header_mannschaften-1024x299.jpg 1024w, http:\/\/www.betaimages.de\/stiftung\/wp-content\/uploads\/2023\/06\/IMG_0310_header_mannschaften-768x224.jpg 768w, http:\/\/www.betaimages.de\/stiftung\/wp-content\/uploads\/2023\/06\/IMG_0310_header_mannschaften-1536x448.jpg 1536w\" sizes=\"auto, (max-width: 1920px) 100vw, 1920px\" \/><\/div><\/figure>[\/vc_column][vc_column]<div class=\"vcex-heading vcex-module wpex-text-2xl wpex-font-normal wpex-m-auto wpex-max-w-100 vcex-heading-plain wpex-block wpex-text-center vc_custom_1685633761465\"><span class=\"vcex-heading-inner wpex-inline-block wpex-clr\">Mannschaften<\/span><\/div>[\/vc_column][\/vc_row][vc_row][vc_column width=&#8220;5\/6&#8243; offset=&#8220;vc_col-lg-offset-2 vc_col-lg-8 vc_col-xs-offset-1 vc_col-xs-10&#8243;]<div class=\"wpex-post-cards wpex-post-cards-post-content_1 wpex-relative\"><div class=\"wpex-post-cards-inner\"><div class=\"wpex-post-cards-loop wpex-post-cards-list wpex-grid wpex-grid-cols-1 wpex-gap-15\"><div class=\"wpex-post-cards-entry post-1319 type-post cat-1 post_series-15\"><div class=\"wpex-card wpex-card-post-content_1\"><h3 class=\"wp-block-heading has-text-align-center\">HERREN<\/h3>\n<div class=\"wp-block-image\">\n<figure class=\"aligncenter size-large\"><img loading=\"lazy\" decoding=\"async\" width=\"1024\" height=\"680\" src=\"https:\/\/www.betaimages.de\/stiftung\/wp-content\/uploads\/2023\/06\/image-1024x680.png\" alt=\"\" class=\"wp-image-1321\" srcset=\"http:\/\/www.betaimages.de\/stiftung\/wp-content\/uploads\/2023\/06\/image-1024x680.png 1024w, http:\/\/www.betaimages.de\/stiftung\/wp-content\/uploads\/2023\/06\/image-300x199.png 300w, http:\/\/www.betaimages.de\/stiftung\/wp-content\/uploads\/2023\/06\/image-768x510.png 768w, http:\/\/www.betaimages.de\/stiftung\/wp-content\/uploads\/2023\/06\/image.png 1228w\" sizes=\"auto, (max-width: 1024px) 100vw, 1024px\" \/><\/figure>\n<\/div>\n<p><strong>Kader 2022:<br \/><\/strong>&nbsp;Felix B\u00f6ll, Arnaud Castellana, Chris Dammert, Alex C. Focken, Luca Franck, Patrick Hantschk, Felix Hinderth\u00fcr, Nils Herriegel, Thomas Krieger, Jonas Krstic, Marc K\u00fcnster, Philipp Lampe, Maximilian Rei\u00df, Yannick Rosenberger, Gregor Schuol, Alexander Schwarz, Robbie Sowden, Christopher Steger, Dominik Tilgner, Paul Vogel, Ben Wiss<\/p>\n<p><strong>Trainer:<\/strong>Jason Harvey<br \/><strong>Kapit\u00e4n:<\/strong>Thomas Krieger&nbsp;<\/p>\n<p><strong>Sportliche Erfolge:<br \/><\/strong><strong><br \/>Ligen 2022:<\/strong><\/p>\n<p><strong>Ziele 2022:&nbsp; &nbsp; &nbsp; &nbsp; &nbsp; &nbsp; &nbsp; &nbsp; &nbsp; &nbsp; &nbsp; &nbsp; &nbsp; &nbsp; &nbsp; &nbsp; &nbsp;<\/strong>Aufstieg in die 2. Liga&nbsp;<\/p>\n<h3 class=\"wp-block-heading has-text-align-center\">HERREN II<\/h3>\n<div class=\"wp-block-image\">\n<figure class=\"aligncenter\"><img decoding=\"async\" src=\"https:\/\/gc-heddesheim.de\/wp-content\/uploads\/2016\/12\/Gruppenfoto-1-Herren-II-2018_.jpg\" alt=\"\" title=\"Gruppenfoto 1 Herren II 2018_\"\/><\/figure>\n<\/div>\n<p><strong>Kader 2022:<\/strong><\/p>\n<p>Jannick Fischer, Christian Greiner-von Keitz, Jan Josef M\u00fcller, Tom Schautzki, Tobias Krause, Sebastian Hirthammer, Tim Holtermann,&nbsp; Sebastian Schmolck, Christian Schollmeier, Florian Wendt,&nbsp;<\/p>\n<p><strong>Trainer:<\/strong>Mike Cole \/ Jason Harvey<br \/><strong>Kapit\u00e4n:<\/strong>Andr\u00e9 Schwab<br \/><strong>Co-Kapit\u00e4n:<\/strong>Tobias Krause &nbsp;&nbsp;&nbsp;&nbsp; &nbsp;&nbsp;<\/p>\n<p><strong>Sportliche Erfolge:<br \/><\/strong>Aufstieg aus der DGL Gruppenliga in die DGL Landesliga 2017<\/p>\n<p><strong>Ligen 2022:<\/strong><\/p>\n<p><strong>Ziele 2022:<\/strong><\/p>\n<h3 class=\"wp-block-heading has-text-align-center\">DAMEN<\/h3>\n<div class=\"wp-block-image\">\n<figure class=\"aligncenter\"><img decoding=\"async\" src=\"https:\/\/gc-heddesheim.de\/wp-content\/uploads\/2022\/06\/Damen-Heddesheim.jpg\" alt=\"\" title=\"Damen Heddesheim\"\/><\/figure>\n<\/div>\n<p><strong>Kader 2022:<\/strong><br \/>Valerie Federolf, Amelie Sophie Filsinger, Caroline Gress, Valerie Gress, Alicia Kalbrunner, Lia Fee Kempf, Lilia Kraft, Jana Kohlhammer, Christine Pfl\u00e4sterer, Sonja Riedinger, Barbara Roether, Katharina Sulzmann, Katharina S\u00f6hnlein, Wiebke Wartenberg, Alessia Wallej,<\/p>\n<p>Neuzugang 2022:&nbsp;<\/p>\n<p><strong>Trainer:<\/strong>Mike Cole<br \/><strong>Kapit\u00e4n:<\/strong>Christine Pfl\u00e4sterer<\/p>\n<p><strong>Sportliche Erfolge 2021:&nbsp; &nbsp; &nbsp;<\/strong>Aufstieg in die 2. Bundesliga<br \/>&nbsp; &nbsp; &nbsp; &nbsp; &nbsp; &nbsp; &nbsp; &nbsp; &nbsp; &nbsp; &nbsp; &nbsp; &nbsp; &nbsp; &nbsp; &nbsp; &nbsp; &nbsp; &nbsp; &nbsp; &nbsp; &nbsp; &nbsp; &nbsp; &nbsp; &nbsp; &nbsp; &nbsp;3. Platz bei den Baden-W\u00fcrttembergischen Mannschaftsmeisterschaften<\/p>\n<p><strong>Ligen 2022:&nbsp; &nbsp; &nbsp; &nbsp; &nbsp; &nbsp; &nbsp; &nbsp; &nbsp; &nbsp; &nbsp; &nbsp; &nbsp; &nbsp; &nbsp;&nbsp;<\/strong>&nbsp;Deutsche Golf Liga:&nbsp; &nbsp; &nbsp; &nbsp; &nbsp; &nbsp; &nbsp; 2. Bundesliga S\u00fcd<br \/>&nbsp; &nbsp; &nbsp; &nbsp; &nbsp; &nbsp; &nbsp; &nbsp; &nbsp; &nbsp; &nbsp; &nbsp; &nbsp; &nbsp; &nbsp; &nbsp; &nbsp; &nbsp; &nbsp; &nbsp; &nbsp; &nbsp; &nbsp; &nbsp; &nbsp; &nbsp; &nbsp; &nbsp;B-W Golf Liga :&nbsp; &nbsp; &nbsp; &nbsp; &nbsp; &nbsp; &nbsp; &nbsp; &nbsp; &nbsp; &nbsp; &nbsp;1. Liga<\/p>\n<p>&nbsp;<strong>Ziele 2022:&nbsp; &nbsp; &nbsp; &nbsp; &nbsp; &nbsp; &nbsp; &nbsp; &nbsp; &nbsp; &nbsp; &nbsp; &nbsp; &nbsp; &nbsp; &nbsp;<\/strong>Klassenerhalt in der 2. Bundesliga<br \/><strong><br \/>Spieltage 2022:&nbsp; &nbsp; &nbsp; &nbsp; &nbsp; &nbsp; &nbsp; &nbsp; &nbsp; &nbsp; &nbsp; &nbsp;<\/strong>30.04. &#8211; 01.05. 2022&nbsp; &nbsp; BMWW<br \/>&nbsp; &nbsp; &nbsp; &nbsp; &nbsp; &nbsp; &nbsp; &nbsp; &nbsp; &nbsp; &nbsp; &nbsp; &nbsp; &nbsp; &nbsp; &nbsp; &nbsp; &nbsp; &nbsp; &nbsp; &nbsp; &nbsp; &nbsp; &nbsp; &nbsp; &nbsp; &nbsp; &nbsp;15.05.2022&nbsp; &nbsp; &nbsp; &nbsp; &nbsp; &nbsp; &nbsp; &nbsp; &nbsp; &nbsp; &nbsp;GC Hetzenhof<br \/>&nbsp; &nbsp; &nbsp; &nbsp; &nbsp; &nbsp; &nbsp; &nbsp; &nbsp; &nbsp; &nbsp; &nbsp; &nbsp; &nbsp; &nbsp; &nbsp; &nbsp; &nbsp; &nbsp; &nbsp; &nbsp; &nbsp; &nbsp; &nbsp; &nbsp; &nbsp; &nbsp; &nbsp;29.05.2022&nbsp; &nbsp; &nbsp; &nbsp; &nbsp; &nbsp; &nbsp; &nbsp; &nbsp; &nbsp; &nbsp;GC F\u00fcrth<br \/>&nbsp; &nbsp; &nbsp; &nbsp; &nbsp; &nbsp; &nbsp; &nbsp; &nbsp; &nbsp; &nbsp; &nbsp; &nbsp; &nbsp; &nbsp; &nbsp; &nbsp; &nbsp; &nbsp; &nbsp; &nbsp; &nbsp; &nbsp; &nbsp; &nbsp; &nbsp; &nbsp; &nbsp;12.06.2022&nbsp; &nbsp; &nbsp; &nbsp; &nbsp; &nbsp; &nbsp; &nbsp; &nbsp; &nbsp; &nbsp;Heimspiel im GC Heddesheim<br \/>&nbsp; &nbsp; &nbsp; &nbsp; &nbsp; &nbsp; &nbsp; &nbsp; &nbsp; &nbsp; &nbsp; &nbsp; &nbsp; &nbsp; &nbsp; &nbsp; &nbsp; &nbsp; &nbsp; &nbsp; &nbsp; &nbsp; &nbsp; &nbsp; &nbsp; &nbsp; &nbsp; &nbsp;17.07.2022&nbsp; &nbsp; &nbsp; &nbsp; &nbsp; &nbsp; &nbsp; &nbsp; &nbsp; &nbsp; &nbsp;GC M\u00fcnchen Eichenried<br \/>&nbsp; &nbsp; &nbsp; &nbsp; &nbsp; &nbsp; &nbsp; &nbsp; &nbsp; &nbsp; &nbsp; &nbsp; &nbsp; &nbsp; &nbsp; &nbsp; &nbsp; &nbsp; &nbsp; &nbsp; &nbsp; &nbsp; &nbsp; &nbsp; &nbsp; &nbsp; &nbsp; &nbsp;31.07.2022&nbsp; &nbsp; &nbsp; &nbsp; &nbsp; &nbsp; &nbsp; &nbsp; &nbsp; &nbsp; &nbsp;GC Reichswald&nbsp;<\/p>\n<p><strong>Sportliche Erfolge 2022:<\/strong><\/p>\n<h3 class=\"wp-block-heading has-text-align-center\">AK 30 DAMEN<\/h3>\n<div class=\"wp-block-image\">\n<figure class=\"aligncenter\"><img decoding=\"async\" src=\"https:\/\/gc-heddesheim.de\/wp-content\/uploads\/2016\/12\/AK-30-Damen1-2019.jpg\" alt=\"\" title=\"AK 30 Damen1 2019\"\/><\/figure>\n<\/div>\n<p><strong>Kader 2022:<\/strong><br \/>&nbsp;Wiebke Wartenberg, Christine Pfl\u00e4sterer,&nbsp; Stefanie Brunner, Michaela Fieber, Sabine Krstic, , Amelie Sophie Filsinger, Yvonne Distler, Juliane Simon, Jana Kohlhammer, Katharina S\u00f6hnlein, Chantal Rothacher<\/p>\n<p><strong>Trainer:&nbsp;<\/strong>Mike Cole<br \/><strong>Kapit\u00e4n:&nbsp;<\/strong>Stefanie Brunner und Sabine Krstic&nbsp;<\/p>\n<p><strong>Sportliche Erfolge:<br \/><\/strong><br \/>2014: 2. Platz in der 1. Liga und Erreichen der Endrunde<br \/>2015: Klassenerhalt 1. Liga<br \/>2016: Klassenerhalt 1. Liga<br \/>2017: BW-Vizemeister und Teilnahme an der DMM<br \/>2018: BW-Meister und Teilnahme DMM<br \/>2019: 3. Platz bei BW-Meisterschaft<\/p>\n<p><strong>Liga 2022:<br \/><\/strong><strong>Ziel 2022:<\/strong><\/p>\n<h3 class=\"wp-block-heading has-text-align-center\">AK 30 HERREN 1.MANNSCHAFT<\/h3>\n<div class=\"wp-block-image\">\n<figure class=\"aligncenter\"><img decoding=\"async\" src=\"https:\/\/gc-heddesheim.de\/wp-content\/uploads\/2017\/03\/AK30_herren_1.jpg\" alt=\"\"\/><\/figure>\n<\/div>\n<p><strong>Kader 2022:<\/strong><br \/>&nbsp;Claas Hendrik Coors, Bernardo Junge, Marc K\u00fcnster, Patrick Hantschk, Robbie Sowden, Gregory Chappel, Dirk Schall, Gregor Schoul<\/p>\n<p><strong>Trainer:<\/strong>Jason Harvey<br \/><strong>Kapit\u00e4n:<\/strong>Dirk Schall<\/p>\n<p><strong>Sportliche Erfolge:<\/strong><br \/>DMM: Deutscher Meister 2003, 2007 und 2013, Vize-Meister 2005, 2008 und 2012<br \/>Baden-W\u00fcrttembergischer Meister: 2004, 2005, 2009, 2011, 2014 und 2015<br \/>Baden-W\u00fcrttembergischer Vize-Meister: 2016<\/p>\n<p><strong>Ligen 2022:<\/strong><br \/><strong>Ziele 2022:<\/strong><\/p>\n<h3 class=\"wp-block-heading has-text-align-center\">AK 50 DAMEN<\/h3>\n<div class=\"wp-block-image\">\n<figure class=\"aligncenter\"><img decoding=\"async\" src=\"https:\/\/gc-heddesheim.de\/wp-content\/uploads\/2022\/05\/AK-50-DAmen-3e8765bd-1f3f-4e31-a4af-c65b9baf3b2d-848x1024.jpeg\" alt=\"\" title=\"AK 50 DAmen 3e8765bd-1f3f-4e31-a4af-c65b9baf3b2d\"\/><\/figure>\n<\/div>\n<p><strong>Kader 2022:<\/strong><br \/>Uta Bahun, Christine Benz, Cornelia Ebner, Elke Girnth-Bentzinger, Caroline Geukes, Ingrid G\u00fcnther, Karin Jacob, Heike Jansen, Annelie Klohr, Annette Krings-Weghmann, Ines Naumer, Gabriele Zimmermann-Lehneis<\/p>\n<p><strong>Trainer:<\/strong>Jason Harvey<br \/><strong>Kapit\u00e4n:<\/strong>&nbsp; &nbsp; &nbsp;Annelie Klohr<br \/>Co- Kapit\u00e4n:&nbsp; &nbsp; &nbsp; &nbsp; &nbsp; &nbsp; &nbsp; &nbsp; &nbsp; &nbsp; &nbsp; &nbsp; &nbsp; &nbsp; &nbsp; Elke Girnth-Bentzinger<\/p>\n<p><strong>Sportliche Erfolge:<\/strong><\/p>\n<p>2021: 2. Platz in der 2. Liga<br \/>2019: DMM Aufstieg in die Oberliga<br \/>2019: 2. Platz in der 2. Liga<br \/>2009: Baden-W\u00fcrttembergischer Meister&nbsp;<\/p>\n<p><strong>Liga 2022:<\/strong><br \/>BWGV 2. Liga Gruppe A<\/p>\n<p><a href=\"https:\/\/www.bwgv.de\/wettspiele\/mannschaftswettspiele\/bwgv-ligaergebnisse.html\" target=\"_blank\" rel=\"noreferrer noopener\">Ergebnisse<\/a><\/p>\n<p><strong>Ziel 2022:<br \/><\/strong>Platz unter den ersten drei<strong><\/strong><\/p>\n<h3 class=\"wp-block-heading has-text-align-center\">AK 50 HERREN<\/h3>\n<div class=\"wp-block-image\">\n<figure class=\"aligncenter\"><img decoding=\"async\" src=\"https:\/\/gc-heddesheim.de\/wp-content\/uploads\/2022\/06\/2022_Herren-Ak-50-8692-1024x768.jpg\" alt=\"\" title=\"2022_Herren Ak 50 8692\"\/><\/figure>\n<\/div>\n<p><strong>Kader 2022:<\/strong><br \/>Ulrich Schuppler, Stefan Bahun, Tomas Mainx, Meinhard B\u00fcchner, Thomas Krieger, Stefan Wiss, Thomas Mollet, Bernd G\u00e4rtner, Claus M\u00fchlfeit, Oliver \u00dcbelh\u00f6r, Dirk Kaliebe, Ian Watters, Peter Kaiser, Volker Kiss, Thorsten Fillmann, Volker Karthaus, Andreas, Zimmermann, Husejin Terzic, Uwe Winkenbach<\/p>\n<p><strong>Trainer:<\/strong>Jochen Koneczny<br \/><strong>Kapit\u00e4n:<\/strong>Ulrich Schuppler und Thorsten Fillmann<\/p>\n<p>&nbsp;<strong>Sportliche Erfolge:<br \/><\/strong><br \/>National: 2016 Aufstieg in die 2. Bundesliga<br \/>Regional: 2013 Baden-W\u00fcrttembergischer Vize-Meister<\/p>\n<p><strong>Ligen 2022:&nbsp; &nbsp; &nbsp; &nbsp; &nbsp; &nbsp; &nbsp; &nbsp; &nbsp; &nbsp; &nbsp; &nbsp; &nbsp; &nbsp; &nbsp; &nbsp;&nbsp;<\/strong>Baden-W\u00fcrttembergischer Vize-Meister<\/p>\n<h3 class=\"wp-block-heading has-text-align-center\">AK 65 HERREN<\/h3>\n<div class=\"wp-block-image\">\n<figure class=\"aligncenter\"><img decoding=\"async\" src=\"https:\/\/gc-heddesheim.de\/wp-content\/uploads\/2016\/12\/AK-65-2020.jpg\" alt=\"\" title=\"AK 65 2020\"\/><\/figure>\n<\/div>\n<p><strong>Kader 2022:<br \/><\/strong>Bernd Lang, Adolf Brunner, Peter Taufertsh\u00f6fer, Erwin Lehmann, Rudi Lang, Thomas Kilpper, Manfred Bross, Wolfgang J\u00e4ckel, Stefan Bahun, Michael Wendlandt<\/p>\n<p><strong>Trainer:<\/strong>Jochen Koneczny<br \/><strong>Kapit\u00e4n:<\/strong>Rudi Lang und Bernd Lang<\/p>\n<p>&nbsp;<strong>Sportliche Erfolge:<\/strong><\/p>\n<p><strong>Liga 2022:&nbsp; &nbsp; &nbsp; &nbsp; &nbsp; &nbsp; &nbsp; &nbsp; &nbsp; &nbsp; &nbsp; &nbsp; &nbsp; &nbsp; &nbsp; &nbsp; &nbsp;<\/strong>&nbsp;Baden-W\u00fcrttembergischer Meister<strong><\/strong><\/p>\n<p><a href=\"https:\/\/www.bwgv.de\/wettspiele\/mannschaftswettspiele\/bwgv-ligaergebnisse.html\" target=\"_blank\" rel=\"noreferrer noopener\">Ergebnisse<\/a><\/p>\n<p><strong>Ziele 2022<\/strong><\/p>\n<\/div><\/div><\/div><\/div><\/div>[\/vc_column][\/vc_row]\n","protected":false},"excerpt":{"rendered":"<p>[vc_row][vc_column][\/vc_column][vc_column][\/vc_column][\/vc_row][vc_row][vc_column width=&#8220;5\/6&#8243; offset=&#8220;vc_col-lg-offset-2 vc_col-lg-8 vc_col-xs-offset-1 vc_col-xs-10&#8243;][\/vc_column][\/vc_row]<\/p>\n","protected":false},"author":1,"featured_media":0,"parent":0,"menu_order":0,"comment_status":"closed","ping_status":"closed","template":"","meta":{"footnotes":""},"class_list":["post-1325","page","type-page","status-publish","hentry","entry","no-media"],"_links":{"self":[{"href":"http:\/\/www.betaimages.de\/stiftung\/wp-json\/wp\/v2\/pages\/1325","targetHints":{"allow":["GET"]}}],"collection":[{"href":"http:\/\/www.betaimages.de\/stiftung\/wp-json\/wp\/v2\/pages"}],"about":[{"href":"http:\/\/www.betaimages.de\/stiftung\/wp-json\/wp\/v2\/types\/page"}],"author":[{"embeddable":true,"href":"http:\/\/www.betaimages.de\/stiftung\/wp-json\/wp\/v2\/users\/1"}],"replies":[{"embeddable":true,"href":"http:\/\/www.betaimages.de\/stiftung\/wp-json\/wp\/v2\/comments?post=1325"}],"version-history":[{"count":3,"href":"http:\/\/www.betaimages.de\/stiftung\/wp-json\/wp\/v2\/pages\/1325\/revisions"}],"predecessor-version":[{"id":1462,"href":"http:\/\/www.betaimages.de\/stiftung\/wp-json\/wp\/v2\/pages\/1325\/revisions\/1462"}],"wp:attachment":[{"href":"http:\/\/www.betaimages.de\/stiftung\/wp-json\/wp\/v2\/media?parent=1325"}],"curies":[{"name":"wp","href":"https:\/\/api.w.org\/{rel}","templated":true}]}}